{"id":3337,"date":"2023-11-29T14:49:40","date_gmt":"2023-11-29T14:49:40","guid":{"rendered":"https:\/\/staging.myitalytotheworld.com\/about-us\/press-review\/"},"modified":"2023-12-04T14:36:19","modified_gmt":"2023-12-04T14:36:19","slug":"rassegna-stampa","status":"publish","type":"page","link":"https:\/\/staging.myitalytotheworld.com\/it\/chi-siamo\/rassegna-stampa\/","title":{"rendered":"RASSEGNA STAMPA"},"content":{"rendered":"<div class=\"wpb-content-wrapper\"><p>[vc_row css=&#8221;.vc_custom_1460122496361{margin-bottom: 30px !important;}&#8221;][vc_column]<h1 class='heading-left  divider-sm'  style='color: #565a5c'><span>Rassegna Stampa<em class=\"heading-subtitle\">MyItalytotheWorld ultime notizie<\/em><\/span><\/h1>[vc_empty_space][\/vc_column][\/vc_row][vc_row][vc_column width=&#8221;1\/3&#8243;][vc_single_image image=&#8221;3210&#8243; img_size=&#8221;large&#8221;][vc_column_text]<\/p>\n<h5><span style=\"color: #565a5c;\"><strong>Guida Viaggi<\/strong>: <a style=\"color: #565a5c;\" href=\"https:\/\/www.guidaviaggi.it\/2023\/05\/22\/myitalytotheworld\/\" target=\"_blank\" rel=\"noopener\">Un mix di Europa, America, tour multiday e visite all\u2019insegna dell\u2019arte. Marella Bagnoli, general manager di MyItalytotheworld, svela quali sono le destinazioni pi\u00f9 gettonate per la prossima estate.<\/a><\/span><\/h5>\n<p>[\/vc_column_text][vc_column_text]22 maggio 2023[\/vc_column_text][\/vc_column][vc_column width=&#8221;1\/3&#8243;][vc_single_image image=&#8221;3216&#8243; img_size=&#8221;large&#8221;][vc_column_text]<\/p>\n<h5><span style=\"color: #565a5c;\"><strong>Travel Quotidiano<\/strong>: <a style=\"color: #565a5c;\" href=\"https:\/\/www.travelquotidiano.com\/tour_operator\/nuova-sezione-short-break-per-myitalytotheworld\/tqid-440771\" target=\"_blank\" rel=\"noopener\">Le maggiori capitali europee, le citt\u00e0 d\u2019arte italiane, le metropoli americane, oltre a paesi come la Giordania e, nel prossimo futuro, destinazioni quali Irlanda, Inghilterra, Emirati Arabi Uniti, Malta e Israele.<\/a><\/span><\/h5>\n<p>[\/vc_column_text][vc_column_text]6 marzo 2023[\/vc_column_text][\/vc_column][vc_column width=&#8221;1\/3&#8243;][vc_single_image image=&#8221;3222&#8243; img_size=&#8221;large&#8221;][vc_column_text]<\/p>\n<h5><span style=\"color: #565a5c;\"><strong>Media Key<\/strong>: <a style=\"color: #565a5c;\" href=\"https:\/\/www.mediakey.tv\/leggi-news\/myitalytotheworld-nuovo-protagonista-tra-i-tour-operator-online\" target=\"_blank\" rel=\"noopener\">MyItalytotheWorld, nuovo protagonista tra i Tour Operator online. Si scrive MyItalytotheworld, si legge tecnologia, esperienza pluridecennale, unicit\u00e0, creativit\u00e0. Perch\u00e9 \u00e8 s\u00ec un nuovo Tour Operator on line<\/a><\/span><\/h5>\n<p>[\/vc_column_text][vc_column_text]22 ottobre 2022[\/vc_column_text][\/vc_column][\/vc_row][vc_row][vc_column][vc_separator][\/vc_column][\/vc_row][vc_row][vc_column width=&#8221;1\/4&#8243;]<h3 class='heading-left  divider-modern' ><span><em class=\"heading-subtitle\">22 maggio 2023<\/em><\/span><\/h3>[\/vc_column][vc_column width=&#8221;1\/2&#8243;][vc_column_text]<\/p>\n<h4><span style=\"color: #565a5c;\"><strong>Travel No Stop<\/strong>: <a style=\"color: #565a5c;\" href=\"https:\/\/travelnostop.com\/news\/tour-operator\/myitalytotheworld-svela-le-destinazioni-top-per-la-prossima-estate_572483\" target=\"_blank\" rel=\"noopener\">MyItalytotheWorld svela le destinazioni top per la prossima estate. Un mix di Europa, America, tour multiday e visite all\u2019insegna dell\u2019arte: ecco le destinazioni pi\u00f9 gettonate per la prossima estate.<\/a><\/span><\/h4>\n<p>[\/vc_column_text][\/vc_column][vc_column width=&#8221;1\/4&#8243;][vc_single_image image=&#8221;3229&#8243; img_size=&#8221;large&#8221;][\/vc_column][\/vc_row][vc_row][vc_column][vc_separator][\/vc_column][\/vc_row][vc_row][vc_column width=&#8221;1\/4&#8243;]<h3 class='heading-left  divider-modern' ><span><em class=\"heading-subtitle\">22 maggio 2023<\/em><\/span><\/h3>[\/vc_column][vc_column width=&#8221;1\/2&#8243;][vc_column_text]<\/p>\n<h4><span style=\"color: #565a5c;\"><strong>TTG Italia<\/strong>: <a style=\"color: #565a5c;\" href=\"https:\/\/www.ttgitalia.com\/stories\/tour_operator\/184678_myitalytotheworld_e_le_destinazioni_dellestate\/\" target=\"_blank\" rel=\"noopener\">MyItalytotheworld e le destinazioni dell\u2019estate. Europa, America, tour multiday e visite all\u2019insegna dell\u2019arte. Sono queste le destinazioni e prodotti pi\u00f9 gettonati per l\u2019estate di MyItalytotheworld.<\/a><\/span><\/h4>\n<p>[\/vc_column_text][\/vc_column][vc_column width=&#8221;1\/4&#8243;][vc_single_image image=&#8221;3235&#8243; img_size=&#8221;large&#8221;][\/vc_column][\/vc_row][vc_row][vc_column][vc_separator][\/vc_column][\/vc_row][vc_row][vc_column width=&#8221;1\/4&#8243;]<h3 class='heading-left  divider-modern' ><span><em class=\"heading-subtitle\">22 maggio 2023<\/em><\/span><\/h3>[\/vc_column][vc_column width=&#8221;1\/2&#8243;][vc_column_text]<\/p>\n<h4><span style=\"color: #565a5c;\"><strong>Travel <\/strong><strong>Quotidiano<\/strong>: <a style=\"color: #565a5c;\" href=\"https:\/\/www.travelquotidiano.com\/tour_operator\/europa-america-arte-e-tour-multiday-trainano-le-vendite-di-myitalytotheworld\/tqid-446092\" target=\"_blank\" rel=\"noopener\">Un mix di Europa, a cui si aggiunge l\u2019America, i tour multiday e le visite all\u2019insegna dell\u2019arte. Sono le destinazioni pi\u00f9 gettonate per la prossima stagione del portale b2b MyItalytotheworld<\/a><\/span><\/h4>\n<p>[\/vc_column_text][\/vc_column][vc_column width=&#8221;1\/4&#8243;][vc_single_image image=&#8221;3180&#8243; img_size=&#8221;large&#8221;][\/vc_column][\/vc_row][vc_row][vc_column][vc_separator][\/vc_column][\/vc_row][vc_row][vc_column width=&#8221;1\/4&#8243;]<h3 class='heading-left  divider-modern' ><span><em class=\"heading-subtitle\">6 marzo 2023<\/em><\/span><\/h3>[\/vc_column][vc_column width=&#8221;1\/2&#8243;][vc_column_text]<\/p>\n<h4><span style=\"color: #565a5c;\"><strong>TTG Italia:<\/strong> <a style=\"color: #565a5c;\" href=\"https:\/\/www.ttgitalia.com\/stories\/tour_operator\/182855_myitalytotheworld_apre_la_sezione_dedicata_agli_short_break\/\" target=\"_blank\" rel=\"noopener\">MyItalytotheWorld lancia una nuova sezione completamente dedicata agli short break. \u201cIn questi ultimi mesi &#8211; spiega Marella Bagnoli, general manager di MyItalytotheWorld &#8211; abbiamo lavorato sulla creazione di pacchetti di viaggio di breve durata.<\/a><\/span><\/h4>\n<p>[\/vc_column_text][\/vc_column][vc_column width=&#8221;1\/4&#8243;][vc_single_image image=&#8221;3060&#8243; img_size=&#8221;large&#8221;][\/vc_column][\/vc_row][vc_row][vc_column][vc_separator][\/vc_column][\/vc_row][vc_row][vc_column width=&#8221;1\/4&#8243;]<h3 class='heading-left  divider-modern' ><span><em class=\"heading-subtitle\">6 marzo 2023<\/em><\/span><\/h3>[\/vc_column][vc_column width=&#8221;1\/2&#8243;][vc_column_text]<\/p>\n<h4><span style=\"color: #565a5c;\"><strong>Travel No Stop<\/strong>: <a style=\"color: #565a5c;\" href=\"https:\/\/travelnostop.com\/news\/tour-operator\/myitalytotheworld-lancia-la-sezione-short-break_566549\" target=\"_blank\" rel=\"noopener\">MyItalytotheworld lancia la nuova sezione dedicata agli short break, in linea con il trend di richieste attualmente prevalenti. \u201cIn questi ultimi mesi abbiamo lavorato sulla creazione di pacchetti di viaggio di breve durata<\/a><\/span><\/h4>\n<p>[\/vc_column_text][\/vc_column][vc_column width=&#8221;1\/4&#8243;][vc_single_image image=&#8221;3066&#8243; img_size=&#8221;large&#8221;][\/vc_column][\/vc_row][vc_row][vc_column][vc_separator][\/vc_column][\/vc_row][vc_row][vc_column width=&#8221;1\/4&#8243;]<h3 class='heading-left  divider-modern' ><span><em class=\"heading-subtitle\">6 marzo 2023<\/em><\/span><\/h3>[\/vc_column][vc_column width=&#8221;1\/2&#8243;][vc_column_text]<\/p>\n<h4><span style=\"color: #565a5c;\"><strong>Guida Viaggi<\/strong>: <a style=\"color: #565a5c;\" href=\"https:\/\/www.guidaviaggi.it\/2023\/03\/06\/myitalytotheworld-punta-sui-pacchetti-di-breve-durata\/\" target=\"_blank\" rel=\"noopener\">Marella Bagnoli, general manager di MyItalytotheworld, ha annunciato il lancio della nuova sezione dedicata agli short break , in linea con il trend di richieste attualmente prevalenti. \u201cIn questi ultimi mesi abbiamo lavorato sulla creazione di pacchetti di viaggio di breve durata<\/a><\/span><\/h4>\n<p>[\/vc_column_text][\/vc_column][vc_column width=&#8221;1\/4&#8243;][vc_single_image image=&#8221;3126&#8243; img_size=&#8221;large&#8221;][\/vc_column][\/vc_row][vc_row][vc_column][vc_separator][\/vc_column][\/vc_row][vc_row][vc_column width=&#8221;1\/4&#8243;]<h3 class='heading-left  divider-modern' ><span><em class=\"heading-subtitle\">6 marzo 2023<\/em><\/span><\/h3>[\/vc_column][vc_column width=&#8221;1\/2&#8243;][vc_column_text]<\/p>\n<h4><span style=\"color: #565a5c;\"><strong>Turismo &amp; Attualit\u00e0<\/strong>: <a style=\"color: #565a5c;\" href=\"https:\/\/www.advtraining.it\/news\/80718-myitalytotheworldlancia-la-sezione-short-break\" target=\"_blank\" rel=\"noopener\">Marella Bagnoli, General Manager di MyItalytotheworld, annuncia il lancio della nuova sezione completamente dedicata agli short break , in linea con il trend di richieste attualmente prevalenti.\u00a0<\/a><\/span><\/h4>\n<p>[\/vc_column_text][\/vc_column][vc_column width=&#8221;1\/4&#8243;][vc_single_image image=&#8221;3162&#8243; img_size=&#8221;large&#8221;][\/vc_column][\/vc_row][vc_row][vc_column width=&#8221;1\/4&#8243;]<h3 class='heading-left  divider-modern' ><span><em class=\"heading-subtitle\">13 febbraio 2023<\/em><\/span><\/h3>[\/vc_column][vc_column width=&#8221;1\/2&#8243;][vc_column_text]<\/p>\n<h4><span style=\"color: #565a5c;\"><strong>Travel Quotidiano<\/strong>:<a style=\"color: #565a5c;\" href=\"https:\/\/www.travelquotidiano.com\/mercato_e_tecnologie\/nasce-myitalytotheworld-portale-b2b-servizi-turistici-non-dimentica-rapporto-personale-le-adv\/tqid-439213\" target=\"_blank\" rel=\"noopener\"> Nasce MyItalytotheworld: portale b2b di servizi turistici, che non dimentica il rapporto personale con le adv. Una piattaforma online b2b dotata di circa 350 mila strutture in tutto il mondo<\/a><\/span><\/h4>\n<p>[\/vc_column_text][\/vc_column][vc_column width=&#8221;1\/4&#8243;][vc_single_image image=&#8221;3078&#8243; img_size=&#8221;large&#8221;][\/vc_column][\/vc_row][vc_row][vc_column][vc_separator][\/vc_column][\/vc_row][vc_row][vc_column width=&#8221;1\/4&#8243;]<h3 class='heading-left  divider-modern' ><span><em class=\"heading-subtitle\">1 febbraio 2023<\/em><\/span><\/h3>[\/vc_column][vc_column width=&#8221;1\/2&#8243;][vc_column_text]<\/p>\n<h4><span style=\"color: #565a5c;\"><strong>TTG Italy<\/strong>: <a style=\"color: #565a5c;\" href=\"https:\/\/www.ttgitalia.com\/stories\/agenzie_viaggi\/182097_myitalytotheworld_cresce_in_italia_aperta_la_sede_di_venezia\/\" target=\"_blank\" rel=\"noopener\">MyItalytotheWorld cresce in Italia, aperta la sede di Venezia. Va ad aggiungersi agli hub operativi di Firenze e Roma il terzo ufficio inaugurato da MyItalytotheWorld a Venezia-Mestre.<\/a><\/span><\/h4>\n<p>[\/vc_column_text][\/vc_column][vc_column width=&#8221;1\/4&#8243;][vc_single_image image=&#8221;3054&#8243; img_size=&#8221;large&#8221;][\/vc_column][\/vc_row][vc_row][vc_column][vc_separator][\/vc_column][\/vc_row][vc_row][vc_column width=&#8221;1\/4&#8243;]<h3 class='heading-left  divider-modern' ><span><em class=\"heading-subtitle\">1 febbraio 2023<\/em><\/span><\/h3>[\/vc_column][vc_column width=&#8221;1\/2&#8243;][vc_column_text]<\/p>\n<h4><span style=\"color: #565a5c;\"><strong>Travel No Stop<\/strong>: <a style=\"color: #565a5c;\" href=\"https:\/\/travelnostop.com\/veneto\/turismo\/myitalytotheworld-inaugura-il-suo-terzo-presidio-a-venezia-mestre_563823\" target=\"_blank\" rel=\"noopener\">Continua l\u2019espansione di MyItalytotheWorld sul mercato italiano. Dopo l\u2019annuncio dell\u2019ingresso di nuovi sales a supporto della propria forza commerciale, MyItalytotheWorld comunica l\u2019inaugurazione del suo terzo ufficio, aperto a Venezia-Mestre<\/a><\/span><\/h4>\n<p>[\/vc_column_text][\/vc_column][vc_column width=&#8221;1\/4&#8243;][vc_single_image image=&#8221;3242&#8243; img_size=&#8221;large&#8221;][\/vc_column][\/vc_row][vc_row][vc_column][vc_separator][\/vc_column][\/vc_row][vc_row][vc_column width=&#8221;1\/4&#8243;]<h3 class='heading-left  divider-modern' ><span><em class=\"heading-subtitle\">1 febbraio 2023<\/em><\/span><\/h3>[\/vc_column][vc_column width=&#8221;1\/2&#8243;][vc_column_text]<\/p>\n<h4><span style=\"color: #565a5c;\"><strong>Travel Quotidiano<\/strong>: <a style=\"color: #565a5c;\" href=\"https:\/\/www.travelquotidiano.com\/tour_operator\/myitalytotheworld-aperto-a-venezia-mestre-il-terzo-ufficio-che-si-affianca-a-firenze-e-roma\/tqid-438448\" target=\"_blank\" rel=\"noopener\"><strong>MyItalytotheWorld ha aperto a Venezia-Mestre il suo terzo ufficio,<\/strong> che si affianca agli hub gi\u00e0 operativi di Firenze e Roma. \u201cL\u2019apertura di questa nuova filiale operativa<\/a><\/span><\/h4>\n<p>[\/vc_column_text][\/vc_column][vc_column width=&#8221;1\/4&#8243;][vc_single_image image=&#8221;3204&#8243; img_size=&#8221;large&#8221;][\/vc_column][\/vc_row][vc_row][vc_column][vc_separator][\/vc_column][\/vc_row][vc_row][vc_column width=&#8221;1\/4&#8243;]<h3 class='heading-left  divider-modern' ><span><em class=\"heading-subtitle\">1 febbraio 2023<\/em><\/span><\/h3>[\/vc_column][vc_column width=&#8221;1\/2&#8243;][vc_column_text]<\/p>\n<h4><span style=\"color: #565a5c;\"><strong>Il Giornale del Turismo<\/strong>: <a style=\"color: #565a5c;\" href=\"https:\/\/www.ilgiornaledelturismo.com\/myitalytotheworld-inaugura-il-suo-terzo-presidio-a-venezia-mestre\/\" target=\"_blank\" rel=\"noopener\">Continua l\u2019espansione sul mercato italiano di MyItalytotheWorld by Tuscanyall.com \u00e8 un tour operator B2B che Dopo l\u2019annuncio dell\u2019ingresso di nuovi sales a supporto della propria forza commerciale, comunica l\u2019inaugurazione del suo terzo ufficio, aperto a Venezia-Mestre<\/a><\/span><\/h4>\n<p>[\/vc_column_text][\/vc_column][vc_column width=&#8221;1\/4&#8243;][vc_single_image image=&#8221;3168&#8243; img_size=&#8221;large&#8221;][\/vc_column][\/vc_row][vc_row][vc_column][vc_separator][\/vc_column][\/vc_row][vc_row][vc_column width=&#8221;1\/4&#8243;]<h3 class='heading-left  divider-modern' ><span><em class=\"heading-subtitle\">17 gennaio 2023<\/em><\/span><\/h3>[\/vc_column][vc_column width=&#8221;1\/2&#8243;][vc_column_text]<\/p>\n<h4><span style=\"color: #565a5c;\"><strong>L&#8217;Agenzia di Viaggi<\/strong>: <a style=\"color: #565a5c;\" href=\"https:\/\/www.lagenziadiviaggimag.it\/myitalytotheworld-cinque-new-entry-nella-forza-vendite\/\" target=\"_blank\" rel=\"noopener\">Sono\u00a0<strong>cinque<\/strong>\u00a0le new entry nel settore commerciale di\u00a0<strong>MyItalytotheWorld<\/strong>. Dotate di grande esperienza nell\u2019ambito di marketing e sales con focus sul comparto turistico, rafforzeranno ulteriormente la sales force del tour operator online.<\/a><\/span><\/h4>\n<p>[\/vc_column_text][\/vc_column][vc_column width=&#8221;1\/4&#8243;][vc_single_image image=&#8221;3174&#8243; img_size=&#8221;large&#8221;][\/vc_column][\/vc_row][vc_row][vc_column][vc_separator][\/vc_column][\/vc_row][vc_row][vc_column width=&#8221;1\/4&#8243;]<h3 class='heading-left  divider-modern' ><span><em class=\"heading-subtitle\">17 gennaio 2023<\/em><\/span><\/h3>[\/vc_column][vc_column width=&#8221;1\/2&#8243;][vc_column_text]<\/p>\n<h4><span style=\"color: #565a5c;\"><strong>Travel No Stop:<\/strong> <a style=\"color: #565a5c;\" href=\"https:\/\/travelnostop.com\/news\/tour-operator\/myitalytotheworld-amplia-la-forza-sales-con-5-new-entry_562452\" target=\"_blank\" rel=\"noopener\">Cinque new entry in casa MyItalytotheWorld. \u201cAbbiamo deciso di ampliare e consolidare la nostra forza commerciale per rispondere alla domanda in continua crescita da parte delle agenzie di viaggio \u2013 sostiene Marella Bagnoli, General Manager di MyItalytotheWorld<\/a><\/span><\/h4>\n<p>[\/vc_column_text][\/vc_column][vc_column width=&#8221;1\/4&#8243;][vc_single_image image=&#8221;3108&#8243; img_size=&#8221;large&#8221;][\/vc_column][\/vc_row][vc_row][vc_column][vc_separator][\/vc_column][\/vc_row][vc_row][vc_column width=&#8221;1\/4&#8243;]<h3 class='heading-left  divider-modern' ><span><em class=\"heading-subtitle\">17 gennaio 2023<\/em><\/span><\/h3>[\/vc_column][vc_column width=&#8221;1\/2&#8243;][vc_column_text]<\/p>\n<h4><span style=\"color: #565a5c;\"><strong>Travel Quotidiano<\/strong>: <a style=\"color: #565a5c;\" href=\"https:\/\/www.travelquotidiano.com\/tour_operator\/myitalytotheworld-rafforza-il-team-sales-con-cinque-new-entry\/tqid-437416\" target=\"_blank\" rel=\"noopener\">Sono\u00a0<strong>Massimiliano Fusco<\/strong>, che presidier\u00e0 le regioni Toscana e Umbria,\u00a0<strong>Fabio Pongiglione<\/strong>\u00a0per il Piemonte,\u00a0<strong>Filippo Bresciani<\/strong>\u00a0per l\u2019Emilia Romagna,\u00a0<strong>Marco Comelli<\/strong>\u00a0per la Lombardia, e\u00a0<strong>Vittorio Benvenuto<\/strong>\u00a0per il Veneto\u00a0<strong>le cinque new entry del team sales del tour operator online\u00a0MyItalytotheWorld.<\/strong><\/a><\/span><\/h4>\n<p>[\/vc_column_text][\/vc_column][vc_column width=&#8221;1\/4&#8243;][vc_single_image image=&#8221;3084&#8243; img_size=&#8221;large&#8221;][\/vc_column][\/vc_row][vc_row][vc_column][vc_separator][\/vc_column][\/vc_row][vc_row][vc_column width=&#8221;1\/4&#8243;]<h3 class='heading-left  divider-modern' ><span><em class=\"heading-subtitle\">16 gennaio 2023<\/em><\/span><\/h3>[\/vc_column][vc_column width=&#8221;1\/2&#8243;][vc_column_text]<\/p>\n<h4><span style=\"color: #565a5c;\"><strong>TTG Italia<\/strong>: <a style=\"color: #565a5c;\" href=\"https:\/\/www.ttgitalia.com\/stories\/tour_operator\/181701_cinque_nuovi_sales_sul_territorio_per_myitalytotheworld\/\" target=\"_blank\" rel=\"noopener\">\u201cAbbiamo deciso di ampliare e consolidare la nostra forza commerciale per rispondere alla domanda in continua crescita da parte delle agenzie di viaggi &#8211; sostiene\u00a0<b>Marella Bagnoli<\/b>\u00a0(nella foto), general manager di MyItalytotheWorld\u00a0<\/a><\/span><\/h4>\n<p>[\/vc_column_text][\/vc_column][vc_column width=&#8221;1\/4&#8243;][vc_single_image image=&#8221;3090&#8243; img_size=&#8221;large&#8221;][\/vc_column][\/vc_row][vc_row][vc_column][vc_separator][\/vc_column][\/vc_row][vc_row][vc_column width=&#8221;1\/4&#8243;]<h3 class='heading-left  divider-modern' ><span><em class=\"heading-subtitle\">16 gennaio 2023<\/em><\/span><\/h3>[\/vc_column][vc_column width=&#8221;1\/2&#8243;][vc_column_text]<\/p>\n<h4><span style=\"color: #565a5c;\"><strong>Media Key<\/strong>: <a style=\"color: #565a5c;\" href=\"https:\/\/www.mediakey.tv\/leggi-news\/myitalytotheworld-amplia-la-forza-sales\" target=\"_blank\" rel=\"noopener\">\u201cAbbiamo deciso di ampliare e consolidare la nostra forza commerciale per rispondere alla domanda in continua crescita da parte delle agenzie di viaggio\u201d, sostiene Marella Bagnoli, General Manager di MyItalytotheWorld,\u201d<\/a><\/span><\/h4>\n<p>[\/vc_column_text][\/vc_column][vc_column width=&#8221;1\/4&#8243;][vc_single_image image=&#8221;3156&#8243; img_size=&#8221;large&#8221;][\/vc_column][\/vc_row][vc_row][vc_column][vc_separator][\/vc_column][\/vc_row][vc_row][vc_column width=&#8221;1\/4&#8243;]<h3 class='heading-left  divider-modern' ><span><em class=\"heading-subtitle\">1 dicembre 2022<\/em><\/span><\/h3>[\/vc_column][vc_column width=&#8221;1\/2&#8243;][vc_column_text]<\/p>\n<h4><span style=\"color: #565a5c;\"><strong>TTG Italia<\/strong>: <a style=\"color: #565a5c;\" href=\"https:\/\/www.ttgitalia.com\/stories\/tour_operator\/180831_myitalytotheworld_extra_commission_e_prodotto_gruppi_per_le_agenzie\/\" target=\"_blank\" rel=\"noopener\">MyItalytotheworld prosegue nella campagna di recruitment delle agenzie e ha messo in campo un piano di incentivazione per stimolare le iscrizioni. \u201cAbbiamo pensato di mettere a loro disposizione ulteriori benefit come la distribuzione di un\u2019extra commission<\/a><\/span><\/h4>\n<p>[\/vc_column_text][\/vc_column][vc_column width=&#8221;1\/4&#8243;][vc_single_image image=&#8221;3267&#8243; img_size=&#8221;large&#8221;][\/vc_column][\/vc_row][vc_row][vc_column][vc_separator][\/vc_column][\/vc_row][vc_row][vc_column width=&#8221;1\/4&#8243;]<h3 class='heading-left  divider-modern' ><span><em class=\"heading-subtitle\">1 dicembre 2022<\/em><\/span><\/h3>[\/vc_column][vc_column width=&#8221;1\/2&#8243;][vc_column_text]<\/p>\n<h4><span style=\"color: #565a5c;\"><strong>Turismo &amp; Attualit\u00e0<\/strong>: <a style=\"color: #565a5c;\" href=\"https:\/\/www.advtraining.it\/news\/80066-myitalytotheworld-scommette-su-gruppi\" target=\"_blank\" rel=\"noopener\">MyItalytotheWorld scommette su gruppi. Marella Bagnoli, General Manager di MyItalytotheworld, svela alcuni degli step del piano strategico che guider\u00e0 l\u2019azienda per i prossimi mesi, a breve e medio termine.<\/a><\/span><\/h4>\n<p>[\/vc_column_text][\/vc_column][vc_column width=&#8221;1\/4&#8243;][vc_single_image image=&#8221;3248&#8243; img_size=&#8221;large&#8221;][\/vc_column][\/vc_row][vc_row][vc_column][vc_separator][\/vc_column][\/vc_row][vc_row][vc_column width=&#8221;1\/4&#8243;]<h3 class='heading-left  divider-modern' ><span><em class=\"heading-subtitle\">1 dicembre 2022<\/em><\/span><\/h3>[\/vc_column][vc_column width=&#8221;1\/2&#8243;][vc_column_text]<\/p>\n<h4><span style=\"color: #565a5c;\"><strong>Travel Quotidiano<\/strong>: <a style=\"color: #565a5c;\" href=\"https:\/\/www.travelquotidiano.com\/tour_operator\/myitalytotheworld-punta-sulle-adv-e-vara-una-serie-di-incentivi-ad-hoc\/tqid-435323\" target=\"_blank\" rel=\"noopener\">MyItalytotheworld punta sulle adv e vara una serie di incentivi ad hoc. Extra commission, cash-back immediato, promo dedicate e focus sui gruppi. Sono le azioni messe in campo da MyItalytotheworld per incentivare la campagna di recruiting delle agenzie di viaggio<\/a><\/span><\/h4>\n<p>[\/vc_column_text][\/vc_column][vc_column width=&#8221;1\/4&#8243;][vc_single_image image=&#8221;3254&#8243; img_size=&#8221;large&#8221;][\/vc_column][\/vc_row][vc_row][vc_column][vc_separator][\/vc_column][\/vc_row][vc_row][vc_column width=&#8221;1\/4&#8243;]<h3 class='heading-left  divider-modern' ><span><em class=\"heading-subtitle\">1 dicembre 2022<\/em><\/span><\/h3>[\/vc_column][vc_column width=&#8221;1\/2&#8243;][vc_column_text]<\/p>\n<h4><span style=\"color: #565a5c;\"><strong>Travel Guide<\/strong>: <a style=\"color: #565a5c;\" href=\"https:\/\/www.guidaviaggi.it\/2022\/12\/05\/myitalytotheworld-scommette-su-gruppi-e-over-commission\/\" target=\"_blank\" rel=\"noopener\"><b>MyItalytotheWorld\u00a0<\/b>svela\u00a0alcuni degli step del\u00a0<strong>piano strategico<\/strong>\u00a0che guider\u00e0 l\u2019azienda per i prossimi mesi, a breve e medio termine. A rivelarli \u00e8\u00a0<b><\/b><strong>Marella Bagnoli<\/strong>, general manager.\u00a0<\/a><\/span><\/h4>\n<p>[\/vc_column_text][\/vc_column][vc_column width=&#8221;1\/4&#8243;][vc_single_image image=&#8221;3132&#8243; img_size=&#8221;large&#8221;][\/vc_column][\/vc_row][vc_row][vc_column][vc_separator][\/vc_column][\/vc_row][vc_row][vc_column width=&#8221;1\/4&#8243;]<h3 class='heading-left  divider-modern' ><span><em class=\"heading-subtitle\">21 novembre 2022<\/em><\/span><\/h3>[\/vc_column][vc_column width=&#8221;1\/2&#8243;][vc_column_text]<\/p>\n<h4><span style=\"color: #565a5c;\"><strong>Travel No Stop<\/strong>: <a style=\"color: #565a5c;\" href=\"https:\/\/travelnostop.com\/news\/tour-operator\/myitalytotheworld-lancia-le-offerte-natalizie-e-non-solo-sconti-per-tutto-il-2023_557485\" target=\"_blank\" rel=\"noopener\">MyItalytotheWorld lancia le offerte natalizie e non solo: sconti per tutto il 2023. MyItalytotheworld lancia occasioni promozionali uniche, pensate per le agenzie di viaggio che vogliono aumentare le richieste di viaggio dei propri clienti.<\/a><\/span><\/h4>\n<p>[\/vc_column_text][\/vc_column][vc_column width=&#8221;1\/4&#8243;][vc_single_image image=&#8221;3260&#8243; img_size=&#8221;large&#8221;][\/vc_column][\/vc_row][vc_row][vc_column][vc_separator][\/vc_column][\/vc_row][vc_row][vc_column width=&#8221;1\/4&#8243;]<h3 class='heading-left  divider-modern' ><span><em class=\"heading-subtitle\">9 novembre 2022<\/em><\/span><\/h3>[\/vc_column][vc_column width=&#8221;1\/2&#8243;][vc_column_text]<\/p>\n<h4><span style=\"color: #565a5c;\"><strong>Travel Guide<\/strong>: <a style=\"color: #565a5c;\" href=\"https:\/\/www.facebook.com\/photo?%20fbid=574688587990476&amp;set=pb.100063480190999.-22075%2020000\" target=\"_blank\" rel=\"noopener\">A CACCIA DI PROMOZIONI NATALIZIE &#8211; <span class=\"xt0psk2\">MyitalytotheWorld<\/span>\u00a0lancia le offerte natalizie, pensate per le agenzie di viaggio che vogliono aumentare le richieste di viaggio dei propri clienti. Un ulteriore incentivo pensato sia per le adv gi\u00e0 partner, sia per le nuove affiliate<\/a><\/span><\/h4>\n<p>[\/vc_column_text][\/vc_column][vc_column width=&#8221;1\/4&#8243;][vc_single_image image=&#8221;3138&#8243; img_size=&#8221;large&#8221;][\/vc_column][\/vc_row][vc_row][vc_column][vc_separator][\/vc_column][\/vc_row][vc_row][vc_column width=&#8221;1\/4&#8243;]<h3 class='heading-left  divider-modern' ><span><em class=\"heading-subtitle\">8 novembre 2022<\/em><\/span><\/h3>[\/vc_column][vc_column width=&#8221;1\/2&#8243;][vc_column_text]<\/p>\n<h4><span style=\"color: #565a5c;\"><strong>Turismo &amp; Attualit\u00e0<\/strong>: <a style=\"color: #565a5c;\" href=\"https:\/\/www.advtraining.it\/news\/79835-myitalytotheworld-una-promo-per-le-adv\" target=\"_blank\" rel=\"noopener\">MyItalytotheWorld\u00a0lancia occasioni promozionali pensate per le agenzie di viaggio che vogliono aumentare le richieste di viaggio dei propri clienti.\u00a0Un ulteriore incentivo pensato sia per le agenzie gi\u00e0 partner, sia per le\u00a0<strong>nuove affiliate<\/strong><\/a><\/span><\/h4>\n<p>[\/vc_column_text][\/vc_column][vc_column width=&#8221;1\/4&#8243;][vc_single_image image=&#8221;3102&#8243; img_size=&#8221;large&#8221;][\/vc_column][\/vc_row][vc_row][vc_column][vc_separator][\/vc_column][\/vc_row][vc_row][vc_column width=&#8221;1\/4&#8243;]<h3 class='heading-left  divider-modern' ><span><em class=\"heading-subtitle\">8 novembre 2022<\/em><\/span><\/h3>[\/vc_column][vc_column width=&#8221;1\/2&#8243;][vc_column_text]<\/p>\n<h4><span style=\"color: #565a5c;\"><strong>TTG Italia<\/strong>: <a style=\"color: #565a5c;\" href=\"https:\/\/www.ttgitalia.com\/stories\/tour_operator\/180221_myitalytotheworld_lancia_le_tariffe_riservate_alle_agenzie\/\" target=\"_blank\" rel=\"noopener\">Si fa accompagnare da una serie di tariffe dedicate alle agenzie di viaggi MyItaltytoTheWorld nel suo primo appuntamento con la distribuzione organizzata. Si tratta di un incentivo pensato sia per le agenzie gi\u00e0 partner, sia per le nuove affiliate che, registrandosi nell\u2019area apposita sul sito dell\u2019operatore<\/a><\/span><\/h4>\n<p>[\/vc_column_text][\/vc_column][vc_column width=&#8221;1\/4&#8243;][vc_single_image image=&#8221;3273&#8243; img_size=&#8221;large&#8221;][\/vc_column][\/vc_row][vc_row][vc_column][vc_separator][\/vc_column][\/vc_row][vc_row][vc_column width=&#8221;1\/4&#8243;]<h3 class='heading-left  divider-modern' ><span><em class=\"heading-subtitle\">28 ottobre 2022<\/em><\/span><\/h3>[\/vc_column][vc_column width=&#8221;1\/2&#8243;][vc_column_text]<\/p>\n<h4><span style=\"color: #565a5c;\"><strong>Tourism &amp; News<\/strong>: <a style=\"color: #565a5c;\" href=\"https:\/\/www.advtraining.it\/news\/79770-sbarca-online-il-nuovo-myitalytotheworld\" target=\"_blank\" rel=\"noopener\">Sbarca online il nuovo MyItalytotheWorld. Si scrive MyItalytotheworld, si legge tecnologia, esperienza pluridecennale, unicit\u00e0, creativit\u00e0. Perch\u00e9 \u00e8 s\u00ec un nuovo Tour Operator on line nel panorama italiano, ma \u00e8 anche molto di pi\u00f9.<\/a><\/span><\/h4>\n<p>[\/vc_column_text][\/vc_column][vc_column width=&#8221;1\/4&#8243;][vc_single_image image=&#8221;3279&#8243; img_size=&#8221;large&#8221;][\/vc_column][\/vc_row][vc_row][vc_column][vc_separator][\/vc_column][\/vc_row][vc_row][vc_column width=&#8221;1\/4&#8243;]<h3 class='heading-left  divider-modern' ><span><em class=\"heading-subtitle\">27 ottobre 2022<\/em><\/span><\/h3>[\/vc_column][vc_column width=&#8221;1\/2&#8243;][vc_column_text]<\/p>\n<h4><span style=\"color: #565a5c;\"><strong>TTG Italia<\/strong>: <a style=\"color: #565a5c;\" href=\"https:\/\/www.ttgitalia.com\/stories\/tour_operator\/179961_nuovo_to_online_sulla_scena_italiana_myitalytotheworld\/\" target=\"_blank\" rel=\"noopener\">Nuovo t.o. online sulla scena italiana: MyItalytotheWorld. \u201cNoi lavoriamo con l\u2019agenzia e non per l\u2019agenzia: passo dopo passo costruiamo insieme al cliente il prodotto finito\u201d. La general manager Marella Bagnoli<\/a><\/span><\/h4>\n<p>[\/vc_column_text][\/vc_column][vc_column width=&#8221;1\/4&#8243;][vc_single_image image=&#8221;3285&#8243; img_size=&#8221;large&#8221;][\/vc_column][\/vc_row][vc_row][vc_column][vc_separator][\/vc_column][\/vc_row][vc_row][vc_column width=&#8221;1\/4&#8243;]<h3 class='heading-left  divider-modern' ><span><em class=\"heading-subtitle\">27 ottobre 2022<\/em><\/span><\/h3>[\/vc_column][vc_column width=&#8221;1\/2&#8243;][vc_column_text]<\/p>\n<h4><span style=\"color: #565a5c;\"><strong>Travel Guide<\/strong>: <a style=\"color: #565a5c;\" href=\"https:\/\/www.guidaviaggi.it\/2022\/10\/27\/arriva-myitalytotheworld-operatore-fare-differenza-agenzie\/\" target=\"_blank\" rel=\"noopener\">ARRIVA MYITALYTOTHEWORLD: IL T.O. CHE VUOLE FARE LA DIFFERENZA PER LE ADV. Si chiama MyItalytotheWorld, \u00e8 un nuovo protagonista tra i tour operator online, con esperienza pluridecennale<\/a><\/span><\/h4>\n<p>[\/vc_column_text][\/vc_column][vc_column width=&#8221;1\/4&#8243;][vc_single_image image=&#8221;3144&#8243; img_size=&#8221;large&#8221;][\/vc_column][\/vc_row][vc_row][vc_column][vc_separator][\/vc_column][\/vc_row][vc_row][vc_column width=&#8221;1\/4&#8243;]<h3 class='heading-left  divider-modern' ><span><em class=\"heading-subtitle\">27 ottobre 2022<\/em><\/span><\/h3>[\/vc_column][vc_column width=&#8221;1\/2&#8243;][vc_column_text]<\/p>\n<h4><span style=\"color: #565a5c;\"><strong>Travel No Stop<\/strong>:<a style=\"color: #565a5c;\" href=\"https:\/\/travelnostop.com\/news\/tour-operator\/myitalytotheworld-nasce-un-nuovo-protagonista-tra-i-to-online_556671\" target=\"_blank\" rel=\"noopener\"> MyItalytotheWorld, nasce un nuovo protagonista tra i TO online. MyItalytotheworld \u00e8 un nuovo Tour Operator online nel panorama italiano, ma \u00e8 anche molto di pi\u00f9. \u201cTutti noi conosciamo il settore del tour operating e sappiamo che, oggi, \u00e8 composto da tantissime realt\u00e0<\/a><\/span><\/h4>\n<p>[\/vc_column_text][\/vc_column][vc_column width=&#8221;1\/4&#8243;][vc_single_image image=&#8221;2767&#8243; img_size=&#8221;large&#8221;][\/vc_column][\/vc_row][vc_row][vc_column][vc_separator][\/vc_column][\/vc_row]<\/p>\n<\/div>","protected":false},"excerpt":{"rendered":"<p>[vc_row css=&#8221;.vc_custom_1460122496361{margin-bottom: 30px !important;}&#8221;][vc_column][vc_empty_space][\/vc_column][\/vc_row][vc_row][vc_column width=&#8221;1\/3&#8243;][vc_single_image image=&#8221;3210&#8243; img_size=&#8221;large&#8221;][vc_column_text] Guida Viaggi: Un mix di Europa, America, tour multiday e visite all\u2019insegna dell\u2019arte. Marella Bagnoli, general manager di MyItalytotheworld, svela quali sono le destinazioni pi\u00f9 gettonate per la prossima estate. [\/vc_column_text][vc_column_text]22 maggio 2023[\/vc_column_text][\/vc_column][vc_column &hellip;<\/p>\n","protected":false},"author":3,"featured_media":0,"parent":3327,"menu_order":0,"comment_status":"closed","ping_status":"closed","template":"","meta":{"footnotes":""},"class_list":["post-3337","page","type-page","status-publish","hentry"],"yoast_head":"<!-- This site is optimized with the Yoast SEO plugin v26.3 - https:\/\/yoast.com\/wordpress\/plugins\/seo\/ -->\n<title>RASSEGNA STAMPA - MyItalytotheWorld<\/title>\n<meta name=\"description\" content=\"RASSEGNA STAMPA Si scrive MyItalytotheworld, si legge tecnologia, esperienza pluridecennale, unicit\u00e0 \u00e8 creativit\u00e0.\" \/>\n<meta name=\"robots\" content=\"noindex, follow, max-snippet:-1, max-image-preview:large, max-video-preview:-1\" \/>\n<meta property=\"og:locale\" content=\"it_IT\" \/>\n<meta property=\"og:type\" content=\"article\" \/>\n<meta property=\"og:title\" content=\"RASSEGNA STAMPA - MyItalytotheWorld\" \/>\n<meta property=\"og:description\" content=\"RASSEGNA STAMPA Si scrive MyItalytotheworld, si legge tecnologia, esperienza pluridecennale, unicit\u00e0 \u00e8 creativit\u00e0.\" \/>\n<meta property=\"og:url\" content=\"https:\/\/staging.myitalytotheworld.com\/it\/chi-siamo\/rassegna-stampa\/\" \/>\n<meta property=\"og:site_name\" content=\"MyItalytotheWorld\" \/>\n<meta property=\"article:modified_time\" content=\"2023-12-04T14:36:19+00:00\" \/>\n<meta name=\"twitter:card\" content=\"summary_large_image\" \/>\n<meta name=\"twitter:label1\" content=\"Tempo di lettura stimato\" \/>\n\t<meta name=\"twitter:data1\" content=\"7 minuti\" \/>\n<script type=\"application\/ld+json\" class=\"yoast-schema-graph\">{\"@context\":\"https:\/\/schema.org\",\"@graph\":[{\"@type\":\"WebPage\",\"@id\":\"https:\/\/staging.myitalytotheworld.com\/it\/chi-siamo\/rassegna-stampa\/\",\"url\":\"https:\/\/staging.myitalytotheworld.com\/it\/chi-siamo\/rassegna-stampa\/\",\"name\":\"RASSEGNA STAMPA - MyItalytotheWorld\",\"isPartOf\":{\"@id\":\"https:\/\/staging.myitalytotheworld.com\/it\/#website\"},\"datePublished\":\"2023-11-29T14:49:40+00:00\",\"dateModified\":\"2023-12-04T14:36:19+00:00\",\"description\":\"RASSEGNA STAMPA Si scrive MyItalytotheworld, si legge tecnologia, esperienza pluridecennale, unicit\u00e0 \u00e8 creativit\u00e0.\",\"breadcrumb\":{\"@id\":\"https:\/\/staging.myitalytotheworld.com\/it\/chi-siamo\/rassegna-stampa\/#breadcrumb\"},\"inLanguage\":\"it-IT\",\"potentialAction\":[{\"@type\":\"ReadAction\",\"target\":[\"https:\/\/staging.myitalytotheworld.com\/it\/chi-siamo\/rassegna-stampa\/\"]}]},{\"@type\":\"BreadcrumbList\",\"@id\":\"https:\/\/staging.myitalytotheworld.com\/it\/chi-siamo\/rassegna-stampa\/#breadcrumb\",\"itemListElement\":[{\"@type\":\"ListItem\",\"position\":1,\"name\":\"Home\",\"item\":\"https:\/\/staging.myitalytotheworld.com\/it\/\"},{\"@type\":\"ListItem\",\"position\":2,\"name\":\"Chi siamo, un tour operator B2B\",\"item\":\"https:\/\/staging.myitalytotheworld.com\/it\/chi-siamo\/\"},{\"@type\":\"ListItem\",\"position\":3,\"name\":\"RASSEGNA STAMPA\"}]},{\"@type\":\"WebSite\",\"@id\":\"https:\/\/staging.myitalytotheworld.com\/it\/#website\",\"url\":\"https:\/\/staging.myitalytotheworld.com\/it\/\",\"name\":\"MyItalytotheWorld\",\"description\":\"\",\"potentialAction\":[{\"@type\":\"SearchAction\",\"target\":{\"@type\":\"EntryPoint\",\"urlTemplate\":\"https:\/\/staging.myitalytotheworld.com\/it\/?s={search_term_string}\"},\"query-input\":{\"@type\":\"PropertyValueSpecification\",\"valueRequired\":true,\"valueName\":\"search_term_string\"}}],\"inLanguage\":\"it-IT\"}]}<\/script>\n<!-- \/ Yoast SEO plugin. -->","yoast_head_json":{"title":"RASSEGNA STAMPA - MyItalytotheWorld","description":"RASSEGNA STAMPA Si scrive MyItalytotheworld, si legge tecnologia, esperienza pluridecennale, unicit\u00e0 \u00e8 creativit\u00e0.","robots":{"index":"noindex","follow":"follow","max-snippet":"max-snippet:-1","max-image-preview":"max-image-preview:large","max-video-preview":"max-video-preview:-1"},"og_locale":"it_IT","og_type":"article","og_title":"RASSEGNA STAMPA - MyItalytotheWorld","og_description":"RASSEGNA STAMPA Si scrive MyItalytotheworld, si legge tecnologia, esperienza pluridecennale, unicit\u00e0 \u00e8 creativit\u00e0.","og_url":"https:\/\/staging.myitalytotheworld.com\/it\/chi-siamo\/rassegna-stampa\/","og_site_name":"MyItalytotheWorld","article_modified_time":"2023-12-04T14:36:19+00:00","twitter_card":"summary_large_image","twitter_misc":{"Tempo di lettura stimato":"7 minuti"},"schema":{"@context":"https:\/\/schema.org","@graph":[{"@type":"WebPage","@id":"https:\/\/staging.myitalytotheworld.com\/it\/chi-siamo\/rassegna-stampa\/","url":"https:\/\/staging.myitalytotheworld.com\/it\/chi-siamo\/rassegna-stampa\/","name":"RASSEGNA STAMPA - MyItalytotheWorld","isPartOf":{"@id":"https:\/\/staging.myitalytotheworld.com\/it\/#website"},"datePublished":"2023-11-29T14:49:40+00:00","dateModified":"2023-12-04T14:36:19+00:00","description":"RASSEGNA STAMPA Si scrive MyItalytotheworld, si legge tecnologia, esperienza pluridecennale, unicit\u00e0 \u00e8 creativit\u00e0.","breadcrumb":{"@id":"https:\/\/staging.myitalytotheworld.com\/it\/chi-siamo\/rassegna-stampa\/#breadcrumb"},"inLanguage":"it-IT","potentialAction":[{"@type":"ReadAction","target":["https:\/\/staging.myitalytotheworld.com\/it\/chi-siamo\/rassegna-stampa\/"]}]},{"@type":"BreadcrumbList","@id":"https:\/\/staging.myitalytotheworld.com\/it\/chi-siamo\/rassegna-stampa\/#breadcrumb","itemListElement":[{"@type":"ListItem","position":1,"name":"Home","item":"https:\/\/staging.myitalytotheworld.com\/it\/"},{"@type":"ListItem","position":2,"name":"Chi siamo, un tour operator B2B","item":"https:\/\/staging.myitalytotheworld.com\/it\/chi-siamo\/"},{"@type":"ListItem","position":3,"name":"RASSEGNA STAMPA"}]},{"@type":"WebSite","@id":"https:\/\/staging.myitalytotheworld.com\/it\/#website","url":"https:\/\/staging.myitalytotheworld.com\/it\/","name":"MyItalytotheWorld","description":"","potentialAction":[{"@type":"SearchAction","target":{"@type":"EntryPoint","urlTemplate":"https:\/\/staging.myitalytotheworld.com\/it\/?s={search_term_string}"},"query-input":{"@type":"PropertyValueSpecification","valueRequired":true,"valueName":"search_term_string"}}],"inLanguage":"it-IT"}]}},"_links":{"self":[{"href":"https:\/\/staging.myitalytotheworld.com\/it\/wp-json\/wp\/v2\/pages\/3337","targetHints":{"allow":["GET"]}}],"collection":[{"href":"https:\/\/staging.myitalytotheworld.com\/it\/wp-json\/wp\/v2\/pages"}],"about":[{"href":"https:\/\/staging.myitalytotheworld.com\/it\/wp-json\/wp\/v2\/types\/page"}],"author":[{"embeddable":true,"href":"https:\/\/staging.myitalytotheworld.com\/it\/wp-json\/wp\/v2\/users\/3"}],"replies":[{"embeddable":true,"href":"https:\/\/staging.myitalytotheworld.com\/it\/wp-json\/wp\/v2\/comments?post=3337"}],"version-history":[{"count":5,"href":"https:\/\/staging.myitalytotheworld.com\/it\/wp-json\/wp\/v2\/pages\/3337\/revisions"}],"predecessor-version":[{"id":3455,"href":"https:\/\/staging.myitalytotheworld.com\/it\/wp-json\/wp\/v2\/pages\/3337\/revisions\/3455"}],"up":[{"embeddable":true,"href":"https:\/\/staging.myitalytotheworld.com\/it\/wp-json\/wp\/v2\/pages\/3327"}],"wp:attachment":[{"href":"https:\/\/staging.myitalytotheworld.com\/it\/wp-json\/wp\/v2\/media?parent=3337"}],"curies":[{"name":"wp","href":"https:\/\/api.w.org\/{rel}","templated":true}]}}